{"id":24126,"date":"2018-10-14T15:15:56","date_gmt":"2018-10-14T15:15:56","guid":{"rendered":"https:\/\/mostra-mi.it\/?page_id=24126"},"modified":"2021-01-13T14:35:28","modified_gmt":"2021-01-13T13:35:28","slug":"mostra-diversita-collettiva-di-giovani-artisti","status":"publish","type":"page","link":"https:\/\/www.mostra-mi.it\/en\/evento\/mostra-diversita-collettiva-di-giovani-artisti","title":{"rendered":"S\u2019io m\u2019intuassi, come tu t\u2019immii &#8211; Mostra collettiva di giovani artisti"},"content":{"rendered":"<p><!--:en--><\/p>\n<p><!--:--><!--:it--><\/p>\n<h1 style=\"text-align: center;\"><em><strong>\u201cS\u2019io m\u2019intuassi, come tu t\u2019immii\u201d<\/strong><\/em><\/h1>\n<h2 style=\"text-align: center;\"><strong> Group exhibition of young artists<\/strong><\/h2>\n<p><strong>Dal 9 novembre al 10 dicembre 2018 si \u00e8 svolta la <strong>group exhibition<\/strong><\/strong> <strong>\u201cS\u2019io m\u2019intuassi, come tu t\u2019immii\u201d<\/strong>, la quale ha esposto le opere\u00a0di 15 giovani artisti presso Mostrami Factory @ Fabbrica del Vapore. Il tema che \u00e8 stato scelto \u00e8 quello della <strong>valorizzazione delle diversit\u00e0<\/strong>, which even today seems to be urgent and timely in our country. The title of the exhibition <strong>\u201cS\u2019io m\u2019intuassi, come tu t\u2019immii\u201d<\/strong> prende spunto dalla Divina Commedia di Dante Alighieri,\u00a0in particolare dal verso 81 del Canto IX del Paradiso, che va alla radice del problema dell\u2019accettazione del diverso, che nasce dall\u2019incapacit\u00e0 di immedesimarsi nei pensieri dell\u2019altro e di accrescere se stessi proprio dal riconoscimento di differenze e similarit\u00e0.<\/p>\n<p>Mostrami ha scelto di analizzare questo tema attraverso l&#8217;arte, in quanto strumento privilegiato di apertura e di dialogo,\u00a0perch\u00e9 in una societ\u00e0 dal carattere sempre pi\u00f9 multietnico <strong>la gestione e valorizzazione delle diversit\u00e0<\/strong> \u00e8 diventata di prioritaria importanza,\u00a0per le forti implicazioni di tipo psicologico, sociale ed economico su tutti gli individui che ne fanno parte. Il riconoscimento dei diritti umani e l\u2019adozione di strumenti di inclusione quindi costituiscono la strada privilegiata per combattere le differenze di trattamento ancora esistenti in base al genere, all\u2019etnia, alla disabilit\u00e0 e all\u2019orientamento sessuale. La gestione delle diversit\u00e0 si basa sulla capacit\u00e0 di creare sinergie, ossia di <strong>valorizzare le specificit\u00e0 di ciascuno e di trasformare le differenze in ricchezza.<\/strong><\/p>\n<p><strong><a href=\"https:\/\/mostra-mi.it\/wp-content\/uploads\/2018\/10\/Cover-Facebook-MostraEvento-XVIII-diversit\u00e0-1.jpg\"><img decoding=\"async\" class=\"aligncenter size-medium wp-image-24619 lazyload\" title=\"cover-facebook-mostraevento-xviii-diversita-1\" data-src=\"https:\/\/mostra-mi.it\/wp-content\/uploads\/2018\/10\/Cover-Facebook-MostraEvento-XVIII-diversit\u00e0-1-300x150.jpg\" alt=\"\" width=\"300\" height=\"150\" data-srcset=\"https:\/\/www.mostra-mi.it\/wp-content\/uploads\/2018\/10\/Cover-Facebook-MostraEvento-XVIII-diversit\u00e0-1-300x150.jpg 300w, https:\/\/www.mostra-mi.it\/wp-content\/uploads\/2018\/10\/Cover-Facebook-MostraEvento-XVIII-diversit\u00e0-1-600x300.jpg 600w, https:\/\/www.mostra-mi.it\/wp-content\/uploads\/2018\/10\/Cover-Facebook-MostraEvento-XVIII-diversit\u00e0-1.jpg 720w\" data-sizes=\"(max-width: 300px) 100vw, 300px\" src=\"data:image\/svg+xml;base64,PHN2ZyB3aWR0aD0iMSIgaGVpZ2h0PSIxIiB4bWxucz0iaHR0cDovL3d3dy53My5vcmcvMjAwMC9zdmciPjwvc3ZnPg==\" style=\"--smush-placeholder-width: 300px; --smush-placeholder-aspect-ratio: 300\/150;\" \/><\/a><br \/>\n<\/strong><\/p>\n<p>&nbsp;<\/p>\n<p style=\"text-align: left;\">The group exhibition opened on <strong>9<\/strong><strong> November 9, 2018<\/strong> on the <em>Giornata della libert\u00e0<\/em> in ricordo dell\u2019abbattimento del muro di Berlino come spunto di riflessione sulla necessit\u00e0 di una <strong>inclusive perspective<\/strong>, che abbatta i muri eretti contro coloro che sono ritenuti \u201cdiversi\u201d; e si \u00e8 conclusa il <strong>December 10, 2018<\/strong>, nell&#8217;anniversario dei <em>70 anni della Dichiarazione universale dei diritti dell\u2019uomo<\/em> signed in 1948 in Paris to enshrine the rights that belong to every living being.<\/p>\n<p style=\"text-align: center;\"><a href=\"https:\/\/mostra-mi.it\/wp-content\/uploads\/2018\/10\/bottone-newsletter-catalogo-diversit\u00e0-e-offerta-di-natale-11.jpg\"><img decoding=\"async\" class=\"aligncenter size-full wp-image-24850 lazyload\" title=\"bottone-newsletter-catalogo-diversita-e-offerta-di-natale-1\" data-src=\"https:\/\/mostra-mi.it\/wp-content\/uploads\/2018\/10\/bottone-newsletter-catalogo-diversit\u00e0-e-offerta-di-natale-11.jpg\" alt=\"\" width=\"576\" height=\"219\" data-srcset=\"https:\/\/www.mostra-mi.it\/wp-content\/uploads\/2018\/10\/bottone-newsletter-catalogo-diversit\u00e0-e-offerta-di-natale-11.jpg 640w, https:\/\/www.mostra-mi.it\/wp-content\/uploads\/2018\/10\/bottone-newsletter-catalogo-diversit\u00e0-e-offerta-di-natale-11-600x228.jpg 600w, https:\/\/www.mostra-mi.it\/wp-content\/uploads\/2018\/10\/bottone-newsletter-catalogo-diversit\u00e0-e-offerta-di-natale-11-300x113.jpg 300w\" data-sizes=\"(max-width: 576px) 100vw, 576px\" src=\"data:image\/svg+xml;base64,PHN2ZyB3aWR0aD0iMSIgaGVpZ2h0PSIxIiB4bWxucz0iaHR0cDovL3d3dy53My5vcmcvMjAwMC9zdmciPjwvc3ZnPg==\" style=\"--smush-placeholder-width: 576px; --smush-placeholder-aspect-ratio: 576\/219;\" \/><\/a><\/p>\n<p style=\"text-align: left;\">Ecco l&#8217;elenco degli artisti che hanno partecipato all&#8217;esposizione:<\/p>\n<p><strong>Alraune Teatro,<a title=\"Profilo artista Simon Bcc\" href=\"https:\/\/www.mostra-mi.it\/en\/?p=24601\" target=\"_blank\" rel=\"noopener noreferrer\"> Simon Bcc<\/a>, <a title=\"Profilo artista Silvia Bellu\" href=\"https:\/\/www.mostra-mi.it\/en\/?p=24604\" target=\"_blank\" rel=\"noopener noreferrer\">Silvia Bellu<\/a>, <a title=\"Profilo artista Francesco Bendini\" href=\"https:\/\/www.mostra-mi.it\/en\/?p=24597\" target=\"_blank\" rel=\"noopener noreferrer\">Francesco Bendini<\/a>, <a title=\"Profilo artista Flavia Bucci\" href=\"https:\/\/www.mostra-mi.it\/en\/?p=24591\" target=\"_blank\" rel=\"noopener noreferrer\">Flavia Bucci<\/a>, Lex Rosas, <a title=\"Profilo artista Franck Calard\" href=\"https:\/\/www.mostra-mi.it\/en\/?p=24632\" target=\"_blank\" rel=\"noopener noreferrer\">Franck Calard<\/a>, <a title=\"Profilo artista Alessandro D'Aquila\" href=\"https:\/\/www.mostra-mi.it\/en\/?p=3576\" target=\"_blank\" rel=\"noopener noreferrer\">Alessandro D\u2019Aquila<\/a>, <a title=\"Profilo artista Yelena Milanesi\" href=\"https:\/\/www.mostra-mi.it\/en\/?p=24638\" target=\"_blank\" rel=\"noopener noreferrer\">Yelena Milanesi<\/a>, Shoko Okumura, <a title=\"Profilo artista Carole Peia\" href=\"https:\/\/www.mostra-mi.it\/en\/?p=24621\" target=\"_blank\" rel=\"noopener noreferrer\">Carole Peia<\/a>, <a title=\"Profilo artista Domenico Ruccia\" href=\"https:\/\/www.mostra-mi.it\/en\/?p=24019\" target=\"_blank\" rel=\"noopener noreferrer\">Domenico Ruccia<\/a>, <a title=\"Profilo artista Christian Sacchi\" href=\"https:\/\/www.mostra-mi.it\/en\/?p=14296\" target=\"_blank\" rel=\"noopener noreferrer\">Christian Sacchi<\/a>, Luhan Zheng, Luca Zurzolo<\/strong><\/p>\n<p style=\"text-align: center;\"><strong><a href=\"https:\/\/mostra-mi.it\/wp-content\/uploads\/2018\/10\/foto-artisti-XVIII-MostraEvento-Copia.jpg\"><img decoding=\"async\" class=\"aligncenter size-full wp-image-24848 lazyload\" title=\"foto-artisti-xviii-mostraevento-copia\" data-src=\"https:\/\/mostra-mi.it\/wp-content\/uploads\/2018\/10\/foto-artisti-XVIII-MostraEvento-Copia.jpg\" alt=\"\" width=\"576\" height=\"272\" data-srcset=\"https:\/\/www.mostra-mi.it\/wp-content\/uploads\/2018\/10\/foto-artisti-XVIII-MostraEvento-Copia.jpg 640w, https:\/\/www.mostra-mi.it\/wp-content\/uploads\/2018\/10\/foto-artisti-XVIII-MostraEvento-Copia-600x283.jpg 600w, https:\/\/www.mostra-mi.it\/wp-content\/uploads\/2018\/10\/foto-artisti-XVIII-MostraEvento-Copia-300x141.jpg 300w\" data-sizes=\"(max-width: 576px) 100vw, 576px\" src=\"data:image\/svg+xml;base64,PHN2ZyB3aWR0aD0iMSIgaGVpZ2h0PSIxIiB4bWxucz0iaHR0cDovL3d3dy53My5vcmcvMjAwMC9zdmciPjwvc3ZnPg==\" style=\"--smush-placeholder-width: 576px; --smush-placeholder-aspect-ratio: 576\/272;\" \/><\/a><br \/>\n<\/strong><\/p>\n<p>I 15 artisti che hanno partecipato all&#8217;esposizione ci hanno proposto lavori interessanti, particolari ed estremamente attuali che hanno fatto riflettere su un argomento oggi\u00a0 estremamente importante.<\/p>\n<p>Fosse stato per noi li avremmo premiati tutti, ma il pubblico e la commissione tecnica si sono espressi dando la\u00a0loro preferenza a\u00a0<strong>Luca Zurzolo<\/strong> and\u00a0<strong>Silvia Bellu<\/strong>.<!--:--><\/p>","protected":false},"excerpt":{"rendered":"<p>\u201cS\u2019io m\u2019intuassi, come tu t\u2019immii\u201d Mostra collettiva di giovani artisti Dal 9 novembre al 10 dicembre 2018 si \u00e8 svolta la mostra collettiva \u201cS\u2019io m\u2019intuassi, come tu t\u2019immii\u201d, la quale ha esposto le opere\u00a0di 15 giovani artisti presso Mostrami Factory&#8230;<\/p>","protected":false},"author":1302,"featured_media":0,"parent":42,"menu_order":0,"comment_status":"open","ping_status":"closed","template":"","meta":{"footnotes":""},"class_list":["post-24126","page","type-page","status-publish","hentry"],"yoast_head":"<!-- This site is optimized with the Yoast SEO plugin v27.5 - https:\/\/yoast.com\/product\/yoast-seo-wordpress\/ -->\n<title>S\u2019io m\u2019intuassi, come tu t\u2019immii - Mostra collettiva di giovani artisti - Mostrami<\/title>\n<meta name=\"robots\" content=\"index, follow, max-snippet:-1, max-image-preview:large, max-video-preview:-1\" \/>\n<link rel=\"canonical\" href=\"https:\/\/www.mostra-mi.it\/en\/evento\/mostra-diversita-collettiva-di-giovani-artisti\/\" \/>\n<meta property=\"og:locale\" content=\"en_GB\" \/>\n<meta property=\"og:type\" content=\"article\" \/>\n<meta property=\"og:title\" content=\"S\u2019io m\u2019intuassi, come tu t\u2019immii - Mostra collettiva di giovani artisti - Mostrami\" \/>\n<meta property=\"og:description\" content=\"\u201cS\u2019io m\u2019intuassi, come tu t\u2019immii\u201d Mostra collettiva di giovani artisti Dal 9 novembre al 10 dicembre 2018 si \u00e8 svolta la mostra collettiva \u201cS\u2019io m\u2019intuassi, come tu t\u2019immii\u201d, la quale ha esposto le opere\u00a0di 15 giovani artisti presso Mostrami Factory...\" \/>\n<meta property=\"og:url\" content=\"https:\/\/www.mostra-mi.it\/en\/evento\/mostra-diversita-collettiva-di-giovani-artisti\/\" \/>\n<meta property=\"og:site_name\" content=\"Mostrami\" \/>\n<meta property=\"article:modified_time\" content=\"2021-01-13T13:35:28+00:00\" \/>\n<meta property=\"og:image\" content=\"https:\/\/mostra-mi.it\/wp-content\/uploads\/2018\/10\/foto-artisti-XVIII-MostraEvento-Copia.jpg\" \/>\n<meta name=\"twitter:card\" content=\"summary_large_image\" \/>\n<meta name=\"twitter:label1\" content=\"Estimated reading time\" \/>\n\t<meta name=\"twitter:data1\" content=\"2 minutes\" \/>\n<script type=\"application\/ld+json\" class=\"yoast-schema-graph\">{\"@context\":\"https:\\\/\\\/schema.org\",\"@graph\":[{\"@type\":\"WebPage\",\"@id\":\"https:\\\/\\\/www.mostra-mi.it\\\/evento\\\/mostra-diversita-collettiva-di-giovani-artisti\",\"url\":\"https:\\\/\\\/www.mostra-mi.it\\\/evento\\\/mostra-diversita-collettiva-di-giovani-artisti\",\"name\":\"S\u2019io m\u2019intuassi, come tu t\u2019immii - Mostra collettiva di giovani artisti - Mostrami\",\"isPartOf\":{\"@id\":\"https:\\\/\\\/www.mostra-mi.it\\\/#website\"},\"primaryImageOfPage\":{\"@id\":\"https:\\\/\\\/www.mostra-mi.it\\\/evento\\\/mostra-diversita-collettiva-di-giovani-artisti#primaryimage\"},\"image\":{\"@id\":\"https:\\\/\\\/www.mostra-mi.it\\\/evento\\\/mostra-diversita-collettiva-di-giovani-artisti#primaryimage\"},\"thumbnailUrl\":\"https:\\\/\\\/mostra-mi.it\\\/wp-content\\\/uploads\\\/2018\\\/10\\\/foto-artisti-XVIII-MostraEvento-Copia.jpg\",\"datePublished\":\"2018-10-14T15:15:56+00:00\",\"dateModified\":\"2021-01-13T13:35:28+00:00\",\"breadcrumb\":{\"@id\":\"https:\\\/\\\/www.mostra-mi.it\\\/evento\\\/mostra-diversita-collettiva-di-giovani-artisti#breadcrumb\"},\"inLanguage\":\"en-GB\",\"potentialAction\":[{\"@type\":\"ReadAction\",\"target\":[\"https:\\\/\\\/www.mostra-mi.it\\\/evento\\\/mostra-diversita-collettiva-di-giovani-artisti\"]}]},{\"@type\":\"ImageObject\",\"inLanguage\":\"en-GB\",\"@id\":\"https:\\\/\\\/www.mostra-mi.it\\\/evento\\\/mostra-diversita-collettiva-di-giovani-artisti#primaryimage\",\"url\":\"https:\\\/\\\/mostra-mi.it\\\/wp-content\\\/uploads\\\/2018\\\/10\\\/foto-artisti-XVIII-MostraEvento-Copia.jpg\",\"contentUrl\":\"https:\\\/\\\/mostra-mi.it\\\/wp-content\\\/uploads\\\/2018\\\/10\\\/foto-artisti-XVIII-MostraEvento-Copia.jpg\"},{\"@type\":\"BreadcrumbList\",\"@id\":\"https:\\\/\\\/www.mostra-mi.it\\\/evento\\\/mostra-diversita-collettiva-di-giovani-artisti#breadcrumb\",\"itemListElement\":[{\"@type\":\"ListItem\",\"position\":1,\"name\":\"Home\",\"item\":\"https:\\\/\\\/www.mostra-mi.it\\\/\"},{\"@type\":\"ListItem\",\"position\":2,\"name\":\"Mostre &#038; Eventi\",\"item\":\"https:\\\/\\\/www.mostra-mi.it\\\/evento\"},{\"@type\":\"ListItem\",\"position\":3,\"name\":\"S\u2019io m\u2019intuassi, come tu t\u2019immii &#8211; Mostra collettiva di giovani artisti\"}]},{\"@type\":\"WebSite\",\"@id\":\"https:\\\/\\\/www.mostra-mi.it\\\/#website\",\"url\":\"https:\\\/\\\/www.mostra-mi.it\\\/\",\"name\":\"Mostrami\",\"description\":\"Mostrami, galleria che si propone come vetrina per giovani artisti\",\"publisher\":{\"@id\":\"https:\\\/\\\/www.mostra-mi.it\\\/#organization\"},\"potentialAction\":[{\"@type\":\"SearchAction\",\"target\":{\"@type\":\"EntryPoint\",\"urlTemplate\":\"https:\\\/\\\/www.mostra-mi.it\\\/?s={search_term_string}\"},\"query-input\":{\"@type\":\"PropertyValueSpecification\",\"valueRequired\":true,\"valueName\":\"search_term_string\"}}],\"inLanguage\":\"en-GB\"},{\"@type\":\"Organization\",\"@id\":\"https:\\\/\\\/www.mostra-mi.it\\\/#organization\",\"name\":\"Mostrami\",\"url\":\"https:\\\/\\\/www.mostra-mi.it\\\/\",\"logo\":{\"@type\":\"ImageObject\",\"inLanguage\":\"en-GB\",\"@id\":\"https:\\\/\\\/www.mostra-mi.it\\\/#\\\/schema\\\/logo\\\/image\\\/\",\"url\":\"\",\"contentUrl\":\"\",\"caption\":\"Mostrami\"},\"image\":{\"@id\":\"https:\\\/\\\/www.mostra-mi.it\\\/#\\\/schema\\\/logo\\\/image\\\/\"}}]}<\/script>\n<!-- \/ Yoast SEO plugin. -->","yoast_head_json":{"title":"S\u2019io m\u2019intuassi, come tu t\u2019immii - Mostra collettiva di giovani artisti - Mostrami","robots":{"index":"index","follow":"follow","max-snippet":"max-snippet:-1","max-image-preview":"max-image-preview:large","max-video-preview":"max-video-preview:-1"},"canonical":"https:\/\/www.mostra-mi.it\/en\/evento\/mostra-diversita-collettiva-di-giovani-artisti\/","og_locale":"en_GB","og_type":"article","og_title":"S\u2019io m\u2019intuassi, come tu t\u2019immii - Mostra collettiva di giovani artisti - Mostrami","og_description":"\u201cS\u2019io m\u2019intuassi, come tu t\u2019immii\u201d Mostra collettiva di giovani artisti Dal 9 novembre al 10 dicembre 2018 si \u00e8 svolta la mostra collettiva \u201cS\u2019io m\u2019intuassi, come tu t\u2019immii\u201d, la quale ha esposto le opere\u00a0di 15 giovani artisti presso Mostrami Factory...","og_url":"https:\/\/www.mostra-mi.it\/en\/evento\/mostra-diversita-collettiva-di-giovani-artisti\/","og_site_name":"Mostrami","article_modified_time":"2021-01-13T13:35:28+00:00","og_image":[{"url":"https:\/\/mostra-mi.it\/wp-content\/uploads\/2018\/10\/foto-artisti-XVIII-MostraEvento-Copia.jpg","type":"","width":"","height":""}],"twitter_card":"summary_large_image","twitter_misc":{"Estimated reading time":"2 minutes"},"schema":{"@context":"https:\/\/schema.org","@graph":[{"@type":"WebPage","@id":"https:\/\/www.mostra-mi.it\/evento\/mostra-diversita-collettiva-di-giovani-artisti","url":"https:\/\/www.mostra-mi.it\/evento\/mostra-diversita-collettiva-di-giovani-artisti","name":"S\u2019io m\u2019intuassi, come tu t\u2019immii - Mostra collettiva di giovani artisti - Mostrami","isPartOf":{"@id":"https:\/\/www.mostra-mi.it\/#website"},"primaryImageOfPage":{"@id":"https:\/\/www.mostra-mi.it\/evento\/mostra-diversita-collettiva-di-giovani-artisti#primaryimage"},"image":{"@id":"https:\/\/www.mostra-mi.it\/evento\/mostra-diversita-collettiva-di-giovani-artisti#primaryimage"},"thumbnailUrl":"https:\/\/mostra-mi.it\/wp-content\/uploads\/2018\/10\/foto-artisti-XVIII-MostraEvento-Copia.jpg","datePublished":"2018-10-14T15:15:56+00:00","dateModified":"2021-01-13T13:35:28+00:00","breadcrumb":{"@id":"https:\/\/www.mostra-mi.it\/evento\/mostra-diversita-collettiva-di-giovani-artisti#breadcrumb"},"inLanguage":"en-GB","potentialAction":[{"@type":"ReadAction","target":["https:\/\/www.mostra-mi.it\/evento\/mostra-diversita-collettiva-di-giovani-artisti"]}]},{"@type":"ImageObject","inLanguage":"en-GB","@id":"https:\/\/www.mostra-mi.it\/evento\/mostra-diversita-collettiva-di-giovani-artisti#primaryimage","url":"https:\/\/mostra-mi.it\/wp-content\/uploads\/2018\/10\/foto-artisti-XVIII-MostraEvento-Copia.jpg","contentUrl":"https:\/\/mostra-mi.it\/wp-content\/uploads\/2018\/10\/foto-artisti-XVIII-MostraEvento-Copia.jpg"},{"@type":"BreadcrumbList","@id":"https:\/\/www.mostra-mi.it\/evento\/mostra-diversita-collettiva-di-giovani-artisti#breadcrumb","itemListElement":[{"@type":"ListItem","position":1,"name":"Home","item":"https:\/\/www.mostra-mi.it\/"},{"@type":"ListItem","position":2,"name":"Mostre &#038; Eventi","item":"https:\/\/www.mostra-mi.it\/evento"},{"@type":"ListItem","position":3,"name":"S\u2019io m\u2019intuassi, come tu t\u2019immii &#8211; Mostra collettiva di giovani artisti"}]},{"@type":"WebSite","@id":"https:\/\/www.mostra-mi.it\/#website","url":"https:\/\/www.mostra-mi.it\/","name":"Mostrami","description":"Mostrami, galleria che si propone come vetrina per giovani artisti","publisher":{"@id":"https:\/\/www.mostra-mi.it\/#organization"},"potentialAction":[{"@type":"SearchAction","target":{"@type":"EntryPoint","urlTemplate":"https:\/\/www.mostra-mi.it\/?s={search_term_string}"},"query-input":{"@type":"PropertyValueSpecification","valueRequired":true,"valueName":"search_term_string"}}],"inLanguage":"en-GB"},{"@type":"Organization","@id":"https:\/\/www.mostra-mi.it\/#organization","name":"Mostrami","url":"https:\/\/www.mostra-mi.it\/","logo":{"@type":"ImageObject","inLanguage":"en-GB","@id":"https:\/\/www.mostra-mi.it\/#\/schema\/logo\/image\/","url":"","contentUrl":"","caption":"Mostrami"},"image":{"@id":"https:\/\/www.mostra-mi.it\/#\/schema\/logo\/image\/"}}]}},"_links":{"self":[{"href":"https:\/\/www.mostra-mi.it\/en\/wp-json\/wp\/v2\/pages\/24126","targetHints":{"allow":["GET"]}}],"collection":[{"href":"https:\/\/www.mostra-mi.it\/en\/wp-json\/wp\/v2\/pages"}],"about":[{"href":"https:\/\/www.mostra-mi.it\/en\/wp-json\/wp\/v2\/types\/page"}],"author":[{"embeddable":true,"href":"https:\/\/www.mostra-mi.it\/en\/wp-json\/wp\/v2\/users\/1302"}],"replies":[{"embeddable":true,"href":"https:\/\/www.mostra-mi.it\/en\/wp-json\/wp\/v2\/comments?post=24126"}],"version-history":[{"count":0,"href":"https:\/\/www.mostra-mi.it\/en\/wp-json\/wp\/v2\/pages\/24126\/revisions"}],"up":[{"embeddable":true,"href":"https:\/\/www.mostra-mi.it\/en\/wp-json\/wp\/v2\/pages\/42"}],"wp:attachment":[{"href":"https:\/\/www.mostra-mi.it\/en\/wp-json\/wp\/v2\/media?parent=24126"}],"curies":[{"name":"wp","href":"https:\/\/api.w.org\/{rel}","templated":true}]}}